{"id":2899,"date":"2024-04-26T15:31:37","date_gmt":"2024-04-26T13:31:37","guid":{"rendered":"https:\/\/www.rmc-remacon.com\/nadruk\/"},"modified":"2024-04-26T15:31:37","modified_gmt":"2024-04-26T13:31:37","slug":"nadruk","status":"publish","type":"page","link":"https:\/\/www.rmc-remacon.com\/pl\/nadruk\/","title":{"rendered":"Nadruk"},"content":{"rendered":"\n\t<div id=\"gap-1326839184\" class=\"gap-element clearfix\" style=\"display:block; height:auto;\">\n\t\t\n<style>\n#gap-1326839184 {\n  padding-top: 4em;\n}\n<\/style>\n\t<\/div>\n\t\n\n<div class=\"row\" style=\"max-width:900px\" id=\"row-1906644296\">\n\n\n\t<div id=\"col-952594639\" class=\"col small-12 large-12\"  >\n\t\t\t\t<div class=\"col-inner\"  >\n\t\t\t\n\t\t\t\n\n<h1>Nadruk<\/h1>\n<h6>Informacje zgodnie z \u00a7 5 TMG<\/h6>\n<p>RMC Remacon GmbH<br>Hugo-Herrmann-Str. 15  <br>79713 Bad S\u00e4ckingen<\/p>\n<p>Telefon: +49 (0)7761 939 930<br>info@rmc-remacon.com<\/p>\n<p>S\u0105d rejestrowy Freiburg i.Br. HRB 630495<br>Dyrektor zarz\u0105dzaj\u0105cy: Tobias F\u00f6rster<\/p>\n<h2>Identyfikator podatkowy sprzeda\u017cy<\/h2>\n<p>Numer identyfikacji podatkowej zgodnie z \u00a7 27 ustawy o podatku od sprzeda\u017cy:<br>DE142694223<\/p>\n<h2>Ochrona danych<span style=\"color: #555555;\"><span style=\"font-size: 14.4px;\"><br><\/span><\/span><\/h2>\n<p>Patrick Hausin<br>Telefon: +49 (0)7761 939 930<br>info@rmc-remacon.com<\/p>\n<h2>Rozstrzyganie spor\u00f3w w UE<\/h2>\n<p>Komisja Europejska zapewnia platform\u0119 internetowego rozstrzygania spor\u00f3w (OS): <a href=\"https:\/\/ec.europa.eu\/consumers\/odr\" target=\"_blank\" rel=\"noopener noreferrer\">https:\/\/ec.europa.eu\/consumers\/odr<\/a>.<br>Nasz adres e-mail mo\u017cna znale\u017a\u0107 w powy\u017cszej nocie prawnej.<\/p>\n<p> <\/p>\n<h2>Rozstrzyganie spor\u00f3w konsumenckich\/uniwersalne centrum arbitra\u017cowe<\/h2>\n<p>Nie jeste\u015bmy sk\u0142onni ani zobowi\u0105zani do udzia\u0142u w post\u0119powaniu rozstrzygaj\u0105cym spory przed komisj\u0105 arbitra\u017cow\u0105 ds. konsument\u00f3w.<\/p>\n<h3>Odpowiedzialno\u015b\u0107 za tre\u015b\u0107<\/h3>\n<p>Jako dostawca us\u0142ug jeste\u015bmy zobowi\u0105zani zgodnie z \u00a7 7 ust. 1 TMG ponosi odpowiedzialno\u015b\u0107 za w\u0142asne tre\u015bci na tych stronach zgodnie z og\u00f3lnymi przepisami prawa. Zgodnie z \u00a7\u00a7 8 do 10 TMG, jako us\u0142ugodawca nie jeste\u015bmy jednak zobowi\u0105zani do monitorowania przekazywanych lub przechowywanych informacji os\u00f3b trzecich ani do badania okoliczno\u015bci wskazuj\u0105cych na nielegaln\u0105 dzia\u0142alno\u015b\u0107.<\/p>\n<p>Nie ma to wp\u0142ywu na obowi\u0105zek usuni\u0119cia lub zablokowania korzystania z informacji zgodnie z og\u00f3lnymi przepisami prawa. Odpowiedzialno\u015b\u0107 w tym zakresie jest jednak mo\u017cliwa dopiero od momentu uzyskania wiedzy o konkretnym naruszeniu. Gdy tylko dowiemy si\u0119 o takich naruszeniach, natychmiast usuniemy te tre\u015bci.<\/p>\n<h3>Odpowiedzialno\u015b\u0107 za linki<\/h3>\n<p>Nasza strona internetowa zawiera linki do zewn\u0119trznych stron internetowych os\u00f3b trzecich, na kt\u00f3rych tre\u015b\u0107 nie mamy wp\u0142ywu. W zwi\u0105zku z tym nie ponosimy \u017cadnej odpowiedzialno\u015bci za tre\u015bci pochodz\u0105ce od os\u00f3b trzecich. Odpowiedni dostawca lub operator stron jest zawsze odpowiedzialny za tre\u015b\u0107 stron, do kt\u00f3rych prowadz\u0105 linki. Po\u0142\u0105czone strony zosta\u0142y sprawdzone pod k\u0105tem mo\u017cliwych narusze\u0144 prawa w momencie ich \u0142\u0105czenia. Nielegalna zawarto\u015b\u0107 nie by\u0142a rozpoznawalna w momencie linkowania.<\/p>\n<p>Sta\u0142e monitorowanie tre\u015bci stron, do kt\u00f3rych prowadz\u0105 linki, nie jest jednak uzasadnione bez konkretnych dowod\u00f3w naruszenia. Je\u015bli dowiemy si\u0119 o jakichkolwiek naruszeniach prawa, natychmiast usuniemy takie linki.<\/p>\n<h3>Prawa autorskie<\/h3>\n<p>Tre\u015bci i dzie\u0142a stworzone przez operator\u00f3w witryn na tych stronach podlegaj\u0105 niemieckiemu prawu autorskiemu. Powielanie, edytowanie, rozpowszechnianie i wszelkiego rodzaju wykorzystywanie poza granicami prawa autorskiego wymaga pisemnej zgody odpowiedniego autora lub tw\u00f3rcy. Pobieranie i kopiowanie niniejszej witryny jest dozwolone wy\u0142\u0105cznie do prywatnego, niekomercyjnego u\u017cytku.<\/p>\n<p>O ile tre\u015bci na tej stronie nie zosta\u0142y stworzone przez operatora, prawa autorskie os\u00f3b trzecich s\u0105 przestrzegane. W szczeg\u00f3lno\u015bci tre\u015bci os\u00f3b trzecich s\u0105 oznaczone jako takie. Je\u015bli mimo to dowiesz si\u0119 o naruszeniu praw autorskich, poinformuj nas o tym. Je\u015bli dowiemy si\u0119 o jakichkolwiek naruszeniach prawa, niezw\u0142ocznie usuniemy takie tre\u015bci.<\/p>\n<h2>\u0179r\u00f3d\u0142o zdj\u0119\u0107<\/h2>\n<p>Zdj\u0119cia wykorzystane na tej stronie zosta\u0142y stworzone mi\u0119dzy innymi przez <a title=\"Agencja fotograficzna zajmuj\u0105ca si\u0119 fotografi\u0105, fotografi\u0105 cyfrow\u0105, fotografi\u0105 mody - Photo &amp; Design\" href=\"http:\/\/www.foto-und-design.com\/\" target=\"_blank\" rel=\"noopener noreferrer\">foto-und-design. <\/a>com w imieniu RMC Remacon. Zdj\u0119cia s\u0105 chronione prawami autorskimi i nie mog\u0105 by\u0107 przekazywane dalej.<\/p>\n<p>Odpowiednia, niezbywalna sublicencja zosta\u0142a nabyta dla obraz\u00f3w u\u017cytych na tej stronie. Szczeg\u00f3\u0142y dotycz\u0105ce autora s\u0105 wymienione w <a title=\"Dedykowane kredyty do zdj\u0119\u0107\" href=\"\/image credits\/\">dedykowanych napisach do zdj\u0119\u0107<\/a>.<\/p>\n<h2>Projekt graficzny i dostawca us\u0142ug technicznych<\/h2>\n<p>Projekt graficzny zosta\u0142 zrealizowany przez Kommunikation &amp; Design w imieniu RMC Remacon.<\/p>\n<p>URL <a title=\"Communication &amp; Design - Agencja reklamowa w Badenii-Wirtembergii w pobli\u017cu granicy ze Szwajcari\u0105\" href=\"http:\/\/www.kommunikation-design.de\/\" target=\"_blank\" rel=\"noopener noreferrer\">www.kommunikation-design.de<\/a><\/p>\n\n\t\t<\/div>\n\t\t\t\t\t<\/div>\n\n\t\n\n<\/div>\n\n","protected":false},"excerpt":{"rendered":"","protected":false},"author":8,"featured_media":0,"parent":0,"menu_order":0,"comment_status":"closed","ping_status":"open","template":"","meta":{"footnotes":""},"class_list":["post-2899","page","type-page","status-publish","hentry"],"yoast_head":"<!-- This site is optimized with the Yoast SEO plugin v27.5 - https:\/\/yoast.com\/product\/yoast-seo-wordpress\/ -->\n<title>Nadruk - RMC Remacon GmbH<\/title>\n<meta name=\"description\" content=\"Telefon: +49 7761 \/ 939 939 E-mail: info@rmc-remacon.de\" \/>\n<meta name=\"robots\" content=\"index, follow, max-snippet:-1, max-image-preview:large, max-video-preview:-1\" \/>\n<link rel=\"canonical\" href=\"https:\/\/www.rmc-remacon.com\/pl\/nadruk\/\" \/>\n<meta property=\"og:locale\" content=\"pl_PL\" \/>\n<meta property=\"og:type\" content=\"article\" \/>\n<meta property=\"og:title\" content=\"Nadruk - RMC Remacon GmbH\" \/>\n<meta property=\"og:description\" content=\"Telefon: +49 7761 \/ 939 939 E-mail: info@rmc-remacon.de\" \/>\n<meta property=\"og:url\" content=\"https:\/\/www.rmc-remacon.com\/pl\/nadruk\/\" \/>\n<meta property=\"og:site_name\" content=\"RMC Remacon GmbH\" \/>\n<meta name=\"twitter:card\" content=\"summary_large_image\" \/>\n<meta name=\"twitter:label1\" content=\"Szacowany czas czytania\" \/>\n\t<meta name=\"twitter:data1\" content=\"3 minuty\" \/>\n<script type=\"application\/ld+json\" class=\"yoast-schema-graph\">{\"@context\":\"https:\\\/\\\/schema.org\",\"@graph\":[{\"@type\":\"WebPage\",\"@id\":\"https:\\\/\\\/www.rmc-remacon.com\\\/pl\\\/nadruk\\\/\",\"url\":\"https:\\\/\\\/www.rmc-remacon.com\\\/pl\\\/nadruk\\\/\",\"name\":\"Nadruk - RMC Remacon GmbH\",\"isPartOf\":{\"@id\":\"https:\\\/\\\/www.rmc-remacon.com\\\/pl\\\/#website\"},\"datePublished\":\"2024-04-26T13:31:37+00:00\",\"description\":\"Telefon: +49 7761 \\\/ 939 939 E-mail: info@rmc-remacon.de\",\"breadcrumb\":{\"@id\":\"https:\\\/\\\/www.rmc-remacon.com\\\/pl\\\/nadruk\\\/#breadcrumb\"},\"inLanguage\":\"pl-PL\",\"potentialAction\":[{\"@type\":\"ReadAction\",\"target\":[\"https:\\\/\\\/www.rmc-remacon.com\\\/pl\\\/nadruk\\\/\"]}]},{\"@type\":\"BreadcrumbList\",\"@id\":\"https:\\\/\\\/www.rmc-remacon.com\\\/pl\\\/nadruk\\\/#breadcrumb\",\"itemListElement\":[{\"@type\":\"ListItem\",\"position\":1,\"name\":\"Home\",\"item\":\"https:\\\/\\\/www.rmc-remacon.com\\\/pl\\\/\"},{\"@type\":\"ListItem\",\"position\":2,\"name\":\"Nadruk\"}]},{\"@type\":\"WebSite\",\"@id\":\"https:\\\/\\\/www.rmc-remacon.com\\\/pl\\\/#website\",\"url\":\"https:\\\/\\\/www.rmc-remacon.com\\\/pl\\\/\",\"name\":\"RMC Remacon GmbH\",\"description\":\"RMC Remacon\",\"potentialAction\":[{\"@type\":\"SearchAction\",\"target\":{\"@type\":\"EntryPoint\",\"urlTemplate\":\"https:\\\/\\\/www.rmc-remacon.com\\\/pl\\\/?s={search_term_string}\"},\"query-input\":{\"@type\":\"PropertyValueSpecification\",\"valueRequired\":true,\"valueName\":\"search_term_string\"}}],\"inLanguage\":\"pl-PL\"}]}<\/script>\n<!-- \/ Yoast SEO plugin. -->","yoast_head_json":{"title":"Nadruk - RMC Remacon GmbH","description":"Telefon: +49 7761 \/ 939 939 E-mail: info@rmc-remacon.de","robots":{"index":"index","follow":"follow","max-snippet":"max-snippet:-1","max-image-preview":"max-image-preview:large","max-video-preview":"max-video-preview:-1"},"canonical":"https:\/\/www.rmc-remacon.com\/pl\/nadruk\/","og_locale":"pl_PL","og_type":"article","og_title":"Nadruk - RMC Remacon GmbH","og_description":"Telefon: +49 7761 \/ 939 939 E-mail: info@rmc-remacon.de","og_url":"https:\/\/www.rmc-remacon.com\/pl\/nadruk\/","og_site_name":"RMC Remacon GmbH","twitter_card":"summary_large_image","twitter_misc":{"Szacowany czas czytania":"3 minuty"},"schema":{"@context":"https:\/\/schema.org","@graph":[{"@type":"WebPage","@id":"https:\/\/www.rmc-remacon.com\/pl\/nadruk\/","url":"https:\/\/www.rmc-remacon.com\/pl\/nadruk\/","name":"Nadruk - RMC Remacon GmbH","isPartOf":{"@id":"https:\/\/www.rmc-remacon.com\/pl\/#website"},"datePublished":"2024-04-26T13:31:37+00:00","description":"Telefon: +49 7761 \/ 939 939 E-mail: info@rmc-remacon.de","breadcrumb":{"@id":"https:\/\/www.rmc-remacon.com\/pl\/nadruk\/#breadcrumb"},"inLanguage":"pl-PL","potentialAction":[{"@type":"ReadAction","target":["https:\/\/www.rmc-remacon.com\/pl\/nadruk\/"]}]},{"@type":"BreadcrumbList","@id":"https:\/\/www.rmc-remacon.com\/pl\/nadruk\/#breadcrumb","itemListElement":[{"@type":"ListItem","position":1,"name":"Home","item":"https:\/\/www.rmc-remacon.com\/pl\/"},{"@type":"ListItem","position":2,"name":"Nadruk"}]},{"@type":"WebSite","@id":"https:\/\/www.rmc-remacon.com\/pl\/#website","url":"https:\/\/www.rmc-remacon.com\/pl\/","name":"RMC Remacon GmbH","description":"RMC Remacon","potentialAction":[{"@type":"SearchAction","target":{"@type":"EntryPoint","urlTemplate":"https:\/\/www.rmc-remacon.com\/pl\/?s={search_term_string}"},"query-input":{"@type":"PropertyValueSpecification","valueRequired":true,"valueName":"search_term_string"}}],"inLanguage":"pl-PL"}]}},"_links":{"self":[{"href":"https:\/\/www.rmc-remacon.com\/pl\/wp-json\/wp\/v2\/pages\/2899","targetHints":{"allow":["GET"]}}],"collection":[{"href":"https:\/\/www.rmc-remacon.com\/pl\/wp-json\/wp\/v2\/pages"}],"about":[{"href":"https:\/\/www.rmc-remacon.com\/pl\/wp-json\/wp\/v2\/types\/page"}],"author":[{"embeddable":true,"href":"https:\/\/www.rmc-remacon.com\/pl\/wp-json\/wp\/v2\/users\/8"}],"replies":[{"embeddable":true,"href":"https:\/\/www.rmc-remacon.com\/pl\/wp-json\/wp\/v2\/comments?post=2899"}],"version-history":[{"count":1,"href":"https:\/\/www.rmc-remacon.com\/pl\/wp-json\/wp\/v2\/pages\/2899\/revisions"}],"predecessor-version":[{"id":2900,"href":"https:\/\/www.rmc-remacon.com\/pl\/wp-json\/wp\/v2\/pages\/2899\/revisions\/2900"}],"wp:attachment":[{"href":"https:\/\/www.rmc-remacon.com\/pl\/wp-json\/wp\/v2\/media?parent=2899"}],"curies":[{"name":"wp","href":"https:\/\/api.w.org\/{rel}","templated":true}]}}